{"id":975,"date":"2017-10-23T08:49:45","date_gmt":"2017-10-23T08:49:45","guid":{"rendered":"https:\/\/dia.edu.az\/?page_id=975"},"modified":"2025-05-30T15:42:34","modified_gmt":"2025-05-30T11:42:34","slug":"elanlar","status":"publish","type":"page","link":"https:\/\/legacy.dia.edu.az\/ru\/elanlar","title":{"rendered":"\u041e\u0431\u044c\u044f\u0432\u043b\u0435\u043d\u0438\u044f"},"content":{"rendered":"<div data-elementor-type=\"wp-page\" data-elementor-id=\"975\" class=\"elementor elementor-975\" data-elementor-settings=\"[]\">\n\t\t\t\t\t\t<div class=\"elementor-inner\">\n\t\t\t\t\t\t\t<div class=\"elementor-section-wrap\">\n\t\t\t\t\t\t\t<section class=\"elementor-section elementor-top-section elementor-element elementor-element-1bbf7168 elementor-section-boxed elementor-section-height-default elementor-section-height-default\" data-id=\"1bbf7168\" data-element_type=\"section\">\n\t\t\t\t\t\t<div class=\"elementor-container elementor-column-gap-default\">\n\t\t\t\t\t\t\t<div class=\"elementor-row\">\n\t\t\t\t\t<div class=\"elementor-column elementor-col-100 elementor-top-column elementor-element elementor-element-5e7b2a80\" data-id=\"5e7b2a80\" data-element_type=\"column\">\n\t\t\t<div class=\"elementor-column-wrap elementor-element-populated\">\n\t\t\t\t\t\t\t<div class=\"elementor-widget-wrap\">\n\t\t\t\t\t\t<div class=\"elementor-element elementor-element-862097c elementor-widget elementor-widget-text-editor\" data-id=\"862097c\" data-element_type=\"widget\" data-widget_type=\"text-editor.default\">\n\t\t\t\t<div class=\"elementor-widget-container\">\n\t\t\t\t\t\t\t\t<div class=\"elementor-text-editor elementor-clearfix\">\n\t\t\t\t\t<div data-vc-full-width=\"true\" data-vc-full-width-init=\"false\" class=\"vc_row wpb_row vc_row-fluid vc_custom_1508748569067 vc_row-has-fill\"><div class=\"wpb_column vc_column_container vc_col-sm-12\"><div class=\"vc_column-inner\"><div class=\"wpb_wrapper\"><div class=\"rt-vc-event rt-vc-event-grid rt-event-block-wrapper\">\n\t    <div class=\"row auto-clear\">\n\t\t\t\t        <div class=\"col-lg-6 col-md-6 col-sm-6 col-xs-12\">\n            <div class=\"media rtin-item\">\n                <div class=\"media-left rtin-calender-holder\">\n                    <div class=\"rtin-calender\">\n                        <h3>26<\/h3>\n                        <p>\u0410\u043f\u0440<\/p>\n                        <span>2026<\/span>\n                    <\/div>\n                <\/div>\n                <div class=\"media-body rtin-right\">\n                    <h3><a href=\"https:\/\/legacy.dia.edu.az\/ru\/arxivl\u0259r\/event\/t%c9%99lim-2\">T\u0259lim<\/a><\/h3>\n                    <p class=\"rtin-content\"><\/p>\n                    <ul>\n                        <li class=\"rtin-time\">\n\t                        <span class='time-range'><\/span>                        <\/li>\n\t\t\t\t\t\t                    <\/ul>\n                <\/div>\n            <\/div>\n        <\/div>\n        \t\t        <div class=\"col-lg-6 col-md-6 col-sm-6 col-xs-12\">\n            <div class=\"media rtin-item\">\n                <div class=\"media-left rtin-calender-holder\">\n                    <div class=\"rtin-calender\">\n                        <h3>26<\/h3>\n                        <p>\u0410\u043f\u0440<\/p>\n                        <span>2026<\/span>\n                    <\/div>\n                <\/div>\n                <div class=\"media-body rtin-right\">\n                    <h3><a href=\"https:\/\/legacy.dia.edu.az\/ru\/arxivl\u0259r\/event\/milli-proqram-qeydiyyat-formu\">&#8220;Milli Proqram&#8221; Qeydiyyat formu<\/a><\/h3>\n                    <p class=\"rtin-content\">Universitetl\u0259rl\u0259 il\u0259 s\u0131x \u0259m\u0259kda\u015fl\u0131\u011f\u0131 v\u0259 t\u0259l\u0259b\u0259, akademik hey\u0259tin \u201cCoursera\u201d f\u00fcrs\u0259tind\u0259n maksimum yararlana bilm\u0259sini n\u0259z\u0259r\u0259 alaraq proqramdan 6 h\u0259ft\u0259 + \u0259lav\u0259 6 h\u0259ft\u0259 m\u00fcdd\u0259tind\u0259 i\u015ftirak imkan\u0131 t\u0259qdim olunur. Bel\u0259 ki, daha \u0259vv\u0259l layih\u0259d\u0259 i\u015ftirak etmi\u015f t\u0259l\u0259b\u0259&hellip;<\/p>\n                    <ul>\n                        <li class=\"rtin-time\">\n\t                        <span class='time-range'><\/span>                        <\/li>\n\t\t\t\t\t\t                    <\/ul>\n                <\/div>\n            <\/div>\n        <\/div>\n        \t\t        <div class=\"col-lg-6 col-md-6 col-sm-6 col-xs-12\">\n            <div class=\"media rtin-item\">\n                <div class=\"media-left rtin-calender-holder\">\n                    <div class=\"rtin-calender\">\n                        <h3>26<\/h3>\n                        <p>\u0410\u043f\u0440<\/p>\n                        <span>2026<\/span>\n                    <\/div>\n                <\/div>\n                <div class=\"media-body rtin-right\">\n                    <h3><a href=\"https:\/\/legacy.dia.edu.az\/ru\/arxivl\u0259r\/event\/az%c9%99rbaycan-respublikasinin-prezidenti-yaninda-ali-attestasiya-komissiyasi-r%c9%99yas%c9%99t-hey%c9%99tinin-29-sentyabr-2020-ci-il-tarixli-06-r-nomr%c9%99li-q%c9%99rari-il%c9%99-t%c9%99sdiq-edilmi\">Doktorluq imtahanlar\u0131n\u0131n ke\u00e7irilm\u0259si haqq\u0131nda.<\/a><\/h3>\n                    <p class=\"rtin-content\">E&nbsp; L&nbsp; A&nbsp; N Az\u0259rbaycan Respublikas\u0131n\u0131n Prezidenti yan\u0131nda Ali Attestasiya Komissiyas\u0131 R\u0259yas\u0259t Hey\u0259tinin 29 sentyabr 2020-ci il tarixli 06-R n\u00f6mr\u0259li q\u0259rar\u0131 il\u0259 t\u0259sdiq edilmi\u015f \u201cF\u0259ls\u0259f\u0259 doktoru imtahanlar\u0131n\u0131n ke\u00e7irilm\u0259 Qaydas\u0131\u201dn\u0131n t\u0259l\u0259bl\u0259rin\u0259 uy\u011fun olaraq D\u00f6vl\u0259t \u0130dar\u0259\u00e7ilik Akademiyas\u0131nda&hellip;<\/p>\n                    <ul>\n                        <li class=\"rtin-time\">\n\t                        <span class='time-range'><\/span>                        <\/li>\n\t\t\t\t\t\t                    <\/ul>\n                <\/div>\n            <\/div>\n        <\/div>\n        \t\t        <div class=\"col-lg-6 col-md-6 col-sm-6 col-xs-12\">\n            <div class=\"media rtin-item\">\n                <div class=\"media-left rtin-calender-holder\">\n                    <div class=\"rtin-calender\">\n                        <h3>26<\/h3>\n                        <p>\u0410\u043f\u0440<\/p>\n                        <span>2026<\/span>\n                    <\/div>\n                <\/div>\n                <div class=\"media-body rtin-right\">\n                    <h3><a href=\"https:\/\/legacy.dia.edu.az\/ru\/arxivl\u0259r\/event\/19-noyabr-2025-ci-ild%c9%99-dovl%c9%99t-idar%c9%99cilik-akademiyasinda-v%c9%99t%c9%99n-muharib%c9%99sind%c9%99-q%c9%99l%c9%99b%c9%99mizin-5-illiyin%c9%99-h%c9%99sr-olunmus-az%c9%99rbaycanin\">19 noyabr 2025 -ci ild\u0259 D\u00f6vl\u0259t \u0130dar\u0259\u00e7ilik Akademiyas\u0131nda V\u0259t\u0259n m\u00fcharib\u0259sind\u0259 q\u0259l\u0259b\u0259mizin 5 illiyin\u0259 h\u0259sr olunmu\u015f \u201cAz\u0259rbaycan\u0131n iqtisadi inki\u015faf\u0131nda innovativ idr\u0259etm\u0259 v\u0259 r\u0259q\u0259msal texnologiyalar\u0131n rolu\u201d m\u00f6vzusunda elmi &#8211; praktiki konfrans ba\u015f tutacaq<\/a><\/h3>\n                    <p class=\"rtin-content\">ELAN 19 noyabr 2025-ci il tarixind\u0259 Az\u0259rbaycan Respublikas\u0131n\u0131n Prezidenti yan\u0131nda D\u00f6vl\u0259t \u0130dar\u0259\u00e7ilik Akademiyas\u0131nda V\u0259t\u0259n m\u00fcharib\u0259sind\u0259 q\u0259l\u0259b\u0259mizin 5 illiyin\u0259 h\u0259sr olunmu\u015f \u201cAz\u0259rbaycan\u0131n iqtisadi inki\u015faf\u0131nda innovativ idr\u0259etm\u0259 v\u0259 r\u0259q\u0259msal texnologiyalar\u0131n rolu\u201d &nbsp;m\u00f6vzusunda Respublika Elmi Praktik Konfrans\u0131n\u0131n ke\u00e7irilm\u0259si&hellip;<\/p>\n                    <ul>\n                        <li class=\"rtin-time\">\n\t                        <span class='time-range'><\/span>                        <\/li>\n\t\t\t\t\t\t                    <\/ul>\n                <\/div>\n            <\/div>\n        <\/div>\n        \t\t        <div class=\"col-lg-6 col-md-6 col-sm-6 col-xs-12\">\n            <div class=\"media rtin-item\">\n                <div class=\"media-left rtin-calender-holder\">\n                    <div class=\"rtin-calender\">\n                        <h3>26<\/h3>\n                        <p>\u0410\u043f\u0440<\/p>\n                        <span>2026<\/span>\n                    <\/div>\n                <\/div>\n                <div class=\"media-body rtin-right\">\n                    <h3><a href=\"https:\/\/legacy.dia.edu.az\/ru\/arxivl\u0259r\/event\/oktyabrin-31-d%c9%99-dovl%c9%99t-qulluqculari-ucun-novb%c9%99ti-t%c9%99lim-bas-tutacaq\">Oktyabr\u0131n 31 &#8211; d\u0259 d\u00f6vl\u0259t qulluq\u00e7ular\u0131 \u00fc\u00e7\u00fcn n\u00f6vb\u0259ti  t\u0259lim ba\u015f tutacaq<\/a><\/h3>\n                    <p class=\"rtin-content\"><\/p>\n                    <ul>\n                        <li class=\"rtin-time\">\n\t                        <span class='time-range'><\/span>                        <\/li>\n\t\t\t\t\t\t                    <\/ul>\n                <\/div>\n            <\/div>\n        <\/div>\n        \t\t        <div class=\"col-lg-6 col-md-6 col-sm-6 col-xs-12\">\n            <div class=\"media rtin-item\">\n                <div class=\"media-left rtin-calender-holder\">\n                    <div class=\"rtin-calender\">\n                        <h3>26<\/h3>\n                        <p>\u0410\u043f\u0440<\/p>\n                        <span>2026<\/span>\n                    <\/div>\n                <\/div>\n                <div class=\"media-body rtin-right\">\n                    <h3><a href=\"https:\/\/legacy.dia.edu.az\/ru\/arxivl\u0259r\/event\/t%c9%99lim\">D\u00f6vl\u0259t \u0130dar\u0259\u00e7iliyind\u0259 inki\u015faf g\u00f6st\u0259ricil\u0259ri v\u0259 onlar\u0131n \u00f6l\u00e7\u00fclm\u0259si m\u00f6vzusunda n\u00f6vb\u0259ti t\u0259lim noyabr\u0131n 4 -\u00fc ba\u015f tutacaq.<\/a><\/h3>\n                    <p class=\"rtin-content\"><\/p>\n                    <ul>\n                        <li class=\"rtin-time\">\n\t                        <span class='time-range'><\/span>                        <\/li>\n\t\t\t\t\t\t                    <\/ul>\n                <\/div>\n            <\/div>\n        <\/div>\n        \t\t        <div class=\"col-lg-6 col-md-6 col-sm-6 col-xs-12\">\n            <div class=\"media rtin-item\">\n                <div class=\"media-left rtin-calender-holder\">\n                    <div class=\"rtin-calender\">\n                        <h3>26<\/h3>\n                        <p>\u0410\u043f\u0440<\/p>\n                        <span>2026<\/span>\n                    <\/div>\n                <\/div>\n                <div class=\"media-body rtin-right\">\n                    <h3><a href=\"https:\/\/legacy.dia.edu.az\/ru\/arxivl\u0259r\/event\/f%c9%99ls%c9%99f%c9%99-doktoru-elmi-d%c9%99r%c9%99c%c9%99si-almaq-ucun-t%c9%99qdim-edilmis-dissertasiyanin-avtoreferat\">F\u0259ls\u0259f\u0259 doktoru elmi d\u0259r\u0259c\u0259si almaq \u00fc\u00e7\u00fcn t\u0259qdim edilmi\u015f dissertasiyan\u0131n Avtoreferat<\/a><\/h3>\n                    <p class=\"rtin-content\">Avtoreferat AZ Avtoreferat EN<\/p>\n                    <ul>\n                        <li class=\"rtin-time\">\n\t                        <span class='time-range'><\/span>                        <\/li>\n\t\t\t\t\t\t                    <\/ul>\n                <\/div>\n            <\/div>\n        <\/div>\n        \t\t        <div class=\"col-lg-6 col-md-6 col-sm-6 col-xs-12\">\n            <div class=\"media rtin-item\">\n                <div class=\"media-left rtin-calender-holder\">\n                    <div class=\"rtin-calender\">\n                        <h3>26<\/h3>\n                        <p>\u0410\u043f\u0440<\/p>\n                        <span>2026<\/span>\n                    <\/div>\n                <\/div>\n                <div class=\"media-body rtin-right\">\n                    <h3><a href=\"https:\/\/legacy.dia.edu.az\/ru\/arxivl\u0259r\/event\/dovl%c9%99t-idar%c9%99ciliyind%c9%99-maraqlarin-toqqusmasi-v%c9%99-antikorrupsiya-siyas%c9%99ti-uzr%c9%99-t%c9%99lim\">D\u00f6vl\u0259t \u0130dar\u0259\u00e7iliyind\u0259 maraqlar\u0131n toqqu\u015fmas\u0131 v\u0259 antikorrupsiya siyas\u0259ti \u00fczr\u0259 t\u0259lim<\/a><\/h3>\n                    <p class=\"rtin-content\"><\/p>\n                    <ul>\n                        <li class=\"rtin-time\">\n\t                        <span class='time-range'><\/span>                        <\/li>\n\t\t\t\t\t\t                    <\/ul>\n                <\/div>\n            <\/div>\n        <\/div>\n        \t\t        <div class=\"col-lg-6 col-md-6 col-sm-6 col-xs-12\">\n            <div class=\"media rtin-item\">\n                <div class=\"media-left rtin-calender-holder\">\n                    <div class=\"rtin-calender\">\n                        <h3>26<\/h3>\n                        <p>\u0410\u043f\u0440<\/p>\n                        <span>2026<\/span>\n                    <\/div>\n                <\/div>\n                <div class=\"media-body rtin-right\">\n                    <h3><a href=\"https:\/\/legacy.dia.edu.az\/ru\/arxivl\u0259r\/event\/elmi-seminar-17\">Elmi Seminar<\/a><\/h3>\n                    <p class=\"rtin-content\">28 oktybar 2025-ci il saat: 16:00-da &nbsp; Az\u0259rbaycan Respublikas\u0131n\u0131n Prezidenti yan\u0131nda D\u00f6vl\u0259t \u0130dar\u0259\u00e7ilik Akademiyas\u0131n\u0131n n\u0259zdind\u0259 f\u0259aliyy\u0259t g\u00f6st\u0259r\u0259n FD.2.30 Dissertasiya \u015euras\u0131n\u0131n Elmi seminar\u0131nda &nbsp; Tural Xalid o\u011flu M\u0259mm\u0259dovun &nbsp; \u201cPrezidentlik institutunun m\u00fcasir modell\u0259ri\u201d &nbsp; m\u00f6vzusunda 5904.01&hellip;<\/p>\n                    <ul>\n                        <li class=\"rtin-time\">\n\t                        <span class='time-range'><\/span>                        <\/li>\n\t\t\t\t\t\t                    <\/ul>\n                <\/div>\n            <\/div>\n        <\/div>\n        \t\t        <div class=\"col-lg-6 col-md-6 col-sm-6 col-xs-12\">\n            <div class=\"media rtin-item\">\n                <div class=\"media-left rtin-calender-holder\">\n                    <div class=\"rtin-calender\">\n                        <h3>26<\/h3>\n                        <p>\u0410\u043f\u0440<\/p>\n                        <span>2026<\/span>\n                    <\/div>\n                <\/div>\n                <div class=\"media-body rtin-right\">\n                    <h3><a href=\"https:\/\/legacy.dia.edu.az\/ru\/arxivl\u0259r\/event\/elmi-seminar-16\">Elmi seminar<\/a><\/h3>\n                    <p class=\"rtin-content\">31 oktybar 2025-ci il saat: 10:30-da &nbsp; Az\u0259rbaycan Respublikas\u0131n\u0131n Prezidenti yan\u0131nda D\u00f6vl\u0259t \u0130dar\u0259\u00e7ilik Akademiyas\u0131n\u0131n n\u0259zdind\u0259 f\u0259aliyy\u0259t g\u00f6st\u0259r\u0259n FD.2.30 Dissertasiya \u015euras\u0131n\u0131n Elmi seminar\u0131nda &nbsp; Ay\u015f\u0259n \u018flif q\u0131z\u0131 Aslan-M\u0259mm\u0259dlinin &nbsp; \u201cMDB m\u0259kan\u0131nda geosiyasi prosesl\u0259r: Az\u0259rbaycan Respublikas\u0131n\u0131n maraqlar\u0131&hellip;<\/p>\n                    <ul>\n                        <li class=\"rtin-time\">\n\t                        <span class='time-range'><\/span>                        <\/li>\n\t\t\t\t\t\t                    <\/ul>\n                <\/div>\n            <\/div>\n        <\/div>\n        \t\t        <div class=\"col-lg-6 col-md-6 col-sm-6 col-xs-12\">\n            <div class=\"media rtin-item\">\n                <div class=\"media-left rtin-calender-holder\">\n                    <div class=\"rtin-calender\">\n                        <h3>26<\/h3>\n                        <p>\u0410\u043f\u0440<\/p>\n                        <span>2026<\/span>\n                    <\/div>\n                <\/div>\n                <div class=\"media-body rtin-right\">\n                    <h3><a href=\"https:\/\/legacy.dia.edu.az\/ru\/arxivl\u0259r\/event\/elmi-seminar-15\">Elmi seminar<\/a><\/h3>\n                    <p class=\"rtin-content\">31 oktyabr 2025-ci il saat: 12:30-da Az\u0259rbaycan Respublikas\u0131n\u0131n Prezidenti yan\u0131nda D\u00f6vl\u0259t \u0130dar\u0259\u00e7ilik Akademiyas\u0131n\u0131n n\u0259zdind\u0259 f\u0259aliyy\u0259t g\u00f6st\u0259r\u0259n FD.2.30 Dissertasiya \u015euras\u0131n\u0131n Elmi seminar\u0131nda &nbsp; Lamiy\u0259 H\u0259s\u0259n q\u0131z\u0131 Qas\u0131movan\u0131n &nbsp; \u201cAZ\u018fRBAYCAN RESPUBL\u0130KASININ AVROPA \u00d6LK\u018fL\u018fR\u0130 \u0130L\u018f M\u00dcNAS\u0130B\u018fTL\u018fR\u0130ND\u018f \u018fRAZ\u0130 B\u00dcT\u00d6VL\u00dcY\u00dc&hellip;<\/p>\n                    <ul>\n                        <li class=\"rtin-time\">\n\t                        <span class='time-range'><\/span>                        <\/li>\n\t\t\t\t\t\t                    <\/ul>\n                <\/div>\n            <\/div>\n        <\/div>\n        \t\t        <div class=\"col-lg-6 col-md-6 col-sm-6 col-xs-12\">\n            <div class=\"media rtin-item\">\n                <div class=\"media-left rtin-calender-holder\">\n                    <div class=\"rtin-calender\">\n                        <h3>26<\/h3>\n                        <p>\u0410\u043f\u0440<\/p>\n                        <span>2026<\/span>\n                    <\/div>\n                <\/div>\n                <div class=\"media-body rtin-right\">\n                    <h3><a href=\"https:\/\/legacy.dia.edu.az\/ru\/arxivl\u0259r\/event\/22-oktyabr-saat-15-00-da-dovl%c9%99t-qulluqcularinin-kommunikasiya-bacariqlarinin-inkisaf-etdirilm%c9%99si-v%c9%99-ictimaiyy%c9%99tl%c9%99-%c9%99laq%c9%99l%c9%99r-movzudunda-webinar-bas-tutacaq\">22 oktyabr saat 15.00&#8242; da D\u00f6vl\u0259t qulluq\u00e7ular\u0131n\u0131n kommunikasiya bacar\u0131qlar\u0131n\u0131n inki\u015faf etdirilm\u0259si v\u0259 ictimaiyy\u0259tl\u0259 \u0259laq\u0259l\u0259r m\u00f6vzudunda webinar ba\u015f tutacaq.<\/a><\/h3>\n                    <p class=\"rtin-content\"><\/p>\n                    <ul>\n                        <li class=\"rtin-time\">\n\t                        <span class='time-range'><\/span>                        <\/li>\n\t\t\t\t\t\t                    <\/ul>\n                <\/div>\n            <\/div>\n        <\/div>\n        \t\t        <div class=\"col-lg-6 col-md-6 col-sm-6 col-xs-12\">\n            <div class=\"media rtin-item\">\n                <div class=\"media-left rtin-calender-holder\">\n                    <div class=\"rtin-calender\">\n                        <h3>26<\/h3>\n                        <p>\u0410\u043f\u0440<\/p>\n                        <span>2026<\/span>\n                    <\/div>\n                <\/div>\n                <div class=\"media-body rtin-right\">\n                    <h3><a href=\"https:\/\/legacy.dia.edu.az\/ru\/arxivl\u0259r\/event\/elmi-seminar-14\">Elmi seminar<\/a><\/h3>\n                    <p class=\"rtin-content\">14.10.2025 Saat 11:30 da G\u00dcND\u018fL\u0130K G\u00fcl\u015f\u0259n Kamil q\u0131z\u0131 Xal\u0131qovan\u0131n \u201cAz\u0259rbaycan Respubl\u0131kas\u0131n\u0131n enerj\u0131 ixrac\u0131n\u0131n \u015fax\u0259l\u0259ndirilm\u0259si siyas\u0259ti v\u0259 onun C\u0259nubi Qafqaz regionunun geoiqtisadi v\u0259ziyy\u0259tin\u0259 t\u0259siri\u201d m\u00f6vzusunda 5901.01 \u2013 \u201cBeyn\u0259lxalq m\u00fcnasib\u0259tl\u0259r\u201d ixtisas\u0131nda siyasi elml\u0259r sah\u0259si \u00fczr\u0259 f\u0259ls\u0259f\u0259 doktoru&hellip;<\/p>\n                    <ul>\n                        <li class=\"rtin-time\">\n\t                        <span class='time-range'><\/span>                        <\/li>\n\t\t\t\t\t\t                    <\/ul>\n                <\/div>\n            <\/div>\n        <\/div>\n        \t\t        <div class=\"col-lg-6 col-md-6 col-sm-6 col-xs-12\">\n            <div class=\"media rtin-item\">\n                <div class=\"media-left rtin-calender-holder\">\n                    <div class=\"rtin-calender\">\n                        <h3>26<\/h3>\n                        <p>\u0410\u043f\u0440<\/p>\n                        <span>2026<\/span>\n                    <\/div>\n                <\/div>\n                <div class=\"media-body rtin-right\">\n                    <h3><a href=\"https:\/\/legacy.dia.edu.az\/ru\/arxivl\u0259r\/event\/dissertasiya-isinin-muzakir%c9%99si-2\">Dissertasiya i\u015finin m\u00fczakir\u0259si<\/a><\/h3>\n                    <p class=\"rtin-content\">07.10.2025 &nbsp; saat: 11:00-da &nbsp; Az\u0259rbaycan Respublikas\u0131n\u0131n Prezidenti yan\u0131nda D\u00f6vl\u0259t \u0130dar\u0259\u00e7ilik Akademiyas\u0131n\u0131n n\u0259zdind\u0259 f\u0259aliyy\u0259t g\u00f6st\u0259r\u0259n FD.2.30 Dissertasiya \u015euras\u0131n\u0131n Elmi seminar\u0131nda &nbsp; Ayt\u0259n Yas\u0259f q\u0131z\u0131 H\u00fcseynova &nbsp; \u201cM\u00fcasir d\u00f6vrd\u0259 C\u0259nubi Qafqazda beyn\u0259lxalq geosiyasi v\u0259 geoiqtisadi r\u0259qab\u0259t:&hellip;<\/p>\n                    <ul>\n                        <li class=\"rtin-time\">\n\t                        <span class='time-range'><\/span>                        <\/li>\n\t\t\t\t\t\t                    <\/ul>\n                <\/div>\n            <\/div>\n        <\/div>\n        \t\t        <div class=\"col-lg-6 col-md-6 col-sm-6 col-xs-12\">\n            <div class=\"media rtin-item\">\n                <div class=\"media-left rtin-calender-holder\">\n                    <div class=\"rtin-calender\">\n                        <h3>26<\/h3>\n                        <p>\u0410\u043f\u0440<\/p>\n                        <span>2026<\/span>\n                    <\/div>\n                <\/div>\n                <div class=\"media-body rtin-right\">\n                    <h3><a href=\"https:\/\/legacy.dia.edu.az\/ru\/arxivl\u0259r\/event\/dissertasiya-surasi-39\">D\u0130SSERTAS\u0130YA \u015eURASI<\/a><\/h3>\n                    <p class=\"rtin-content\">E L A N 30 oktyabr 2025-ci il saat 13:30-daAz\u0259rbaycan Respublikas\u0131n\u0131n Prezidenti yan\u0131nda D\u00f6vl\u0259t \u0130dar\u0259\u00e7ilikAkademiyas\u0131n\u0131n n\u0259zdind\u0259 f\u0259aliyy\u0259t g\u00f6st\u0259r\u0259n FD 2.30 Dissertasiya \u015euras\u0131n\u0131n iclas\u0131ndaNur\u0259ddin S\u0259ft\u0259r o\u011flu Mehdiyev\u201c M\u00dcAS\u0130R BEYN\u018fLXALQ M\u00dcNAS\u0130B\u018fTL\u018fR\u018f\u0130NFORMAS\u0130YA KOMMUN\u0130KAS\u0130YA TEXNOLOG\u0130YALARININ T\u018fS\u0130R\u0130 \u201d m\u00f6vzusunda Siyasi&hellip;<\/p>\n                    <ul>\n                        <li class=\"rtin-time\">\n\t                        <span class='time-range'><\/span>                        <\/li>\n\t\t\t\t\t\t                    <\/ul>\n                <\/div>\n            <\/div>\n        <\/div>\n        \t\t        <div class=\"col-lg-6 col-md-6 col-sm-6 col-xs-12\">\n            <div class=\"media rtin-item\">\n                <div class=\"media-left rtin-calender-holder\">\n                    <div class=\"rtin-calender\">\n                        <h3>28<\/h3>\n                        <p>\u0410\u0432\u0433<\/p>\n                        <span>2025<\/span>\n                    <\/div>\n                <\/div>\n                <div class=\"media-body rtin-right\">\n                    <h3><a href=\"https:\/\/legacy.dia.edu.az\/ru\/arxivl\u0259r\/event\/bakalavr-s%c9%99viyy%c9%99sin%c9%99-q%c9%99bul-olanlarin-elektron-qeydiyyati\">Bakalavr s\u0259viyy\u0259sin\u0259 q\u0259bul olanlar\u0131n elektron qeydiyyat\u0131<\/a><\/h3>\n                    <p class=\"rtin-content\">BAKALAVR\u0130AT S\u018fV\u0130YY\u018fS\u0130N\u018f S\u018fN\u018fD Q\u018fBULU 2025\/2026-c\u0131 t\u0259dris ili Az\u0259rbaycan Respublikas\u0131n\u0131n Prezidenti yan\u0131nda D\u00f6vl\u0259t \u0130dar\u0259\u00e7ilik Akademiyas\u0131n\u0131n bakalavriat s\u0259viyy\u0259sin\u0259 q\u0259bul olmu\u015f \u015f\u0259xsl\u0259r 2025-ci il 28 avqust &#8211; 8 sentyabr tarixl\u0259rind\u0259 elektron qaydada qeydiyyatdan ke\u00e7m\u0259lidirl\u0259r. Bunun \u00fc\u00e7\u00fcn, https:\/\/portal.edu.az\/ platformas\u0131nda&hellip;<\/p>\n                    <ul>\n                        <li class=\"rtin-time\">\n\t                        <span class='time-range'><span>00:00<\/span><span>00:00<\/span><\/span>(September 28, 2025)                        <\/li>\n\t\t\t\t\t\t                    <\/ul>\n                <\/div>\n            <\/div>\n        <\/div>\n        \t\t        <div class=\"col-lg-6 col-md-6 col-sm-6 col-xs-12\">\n            <div class=\"media rtin-item\">\n                <div class=\"media-left rtin-calender-holder\">\n                    <div class=\"rtin-calender\">\n                        <h3>26<\/h3>\n                        <p>\u0410\u043f\u0440<\/p>\n                        <span>2026<\/span>\n                    <\/div>\n                <\/div>\n                <div class=\"media-body rtin-right\">\n                    <h3><a href=\"https:\/\/legacy.dia.edu.az\/ru\/arxivl\u0259r\/event\/27305\">\u201cF\u0259ls\u0259f\u0259\u201d f\u0259nni \u00fczr\u0259 doktoranturaya q\u0259bul imtahanlar\u0131n\u0131n ke\u00e7irilm\u0259si haqq\u0131nda<\/a><\/h3>\n                    <p class=\"rtin-content\">3 v\u0259 4 sentyabr 2025-ci il tarixl\u0259rind\u0259 Az\u0259rbaycan Respublikas\u0131n\u0131n Prezidenti yan\u0131nda D\u00f6vl\u0259t \u0130dar\u0259\u00e7ilik Akademiyas\u0131nda (D\u0130A) f\u0259ls\u0259f\u0259 doktoru proqram\u0131 \u00fczr\u0259 \u201cF\u0259ls\u0259f\u0259\u201d f\u0259nnind\u0259n doktoranturaya q\u0259bul imtahanlar\u0131 ke\u00e7iril\u0259c\u0259kdir. Bu imtahanlarda D\u00f6vl\u0259t \u0130mtahan M\u0259rk\u0259zi (D\u0130M) t\u0259r\u0259find\u0259n t\u0259\u015fkil olunmu\u015f \u201cXarici&hellip;<\/p>\n                    <ul>\n                        <li class=\"rtin-time\">\n\t                        <span class='time-range'><\/span>                        <\/li>\n\t\t\t\t\t\t                    <\/ul>\n                <\/div>\n            <\/div>\n        <\/div>\n        \t\t        <div class=\"col-lg-6 col-md-6 col-sm-6 col-xs-12\">\n            <div class=\"media rtin-item\">\n                <div class=\"media-left rtin-calender-holder\">\n                    <div class=\"rtin-calender\">\n                        <h3>25<\/h3>\n                        <p>\u0418\u044e\u043d<\/p>\n                        <span>2025<\/span>\n                    <\/div>\n                <\/div>\n                <div class=\"media-body rtin-right\">\n                    <h3><a href=\"https:\/\/legacy.dia.edu.az\/ru\/arxivl\u0259r\/event\/elmi-seminar-13\">ELM\u0130 SEM\u0130NAR<\/a><\/h3>\n                    <p class=\"rtin-content\">25.06.2025 saat: 12:00-da Az\u0259rbaycan Respublikas\u0131n\u0131n Prezidenti yan\u0131nda D\u00f6vl\u0259t \u0130dar\u0259\u00e7ilik Akademiyas\u0131n\u0131n n\u0259zdind\u0259 f\u0259aliyy\u0259t g\u00f6st\u0259r\u0259n FD.2.30 Dissertasiya \u015euras\u0131n\u0131n Elmi seminar\u0131nda Nur\u0259ddin S\u0259ft\u0259r o\u011flu Mehdiyevin \u201cM\u00fcasir beyn\u0259lxalq m\u00fcnasib\u0259tl\u0259r\u0259 informasiya-kommunikasiya texnologiyalar\u0131n\u0131n t\u0259siri\u201d m\u00f6vzusunda 5901.01 &#8211; \u201cBeyn\u0259lxalq m\u00fcnasib\u0259tl\u0259r\u201d ixtisas\u0131nda Siyasi&hellip;<\/p>\n                    <ul>\n                        <li class=\"rtin-time\">\n\t                        <span class='time-range'><span>12:00<\/span><\/span>()                        <\/li>\n\t\t\t\t\t\t                    <\/ul>\n                <\/div>\n            <\/div>\n        <\/div>\n        \t    \n\t                <div class=\"rtin-btn col-sm-12 col-xs-12\">\n                <a href=\"\" class=\"rdtheme-button-6\">VIEW ALL<\/a>\n            <\/div>\n\t        <\/div>\n    \t<\/div><\/div><\/div><\/div><\/div><div class=\"vc_row-full-width vc_clearfix\"><\/div><div class=\"vc_row wpb_row vc_row-fluid\"><div class=\"wpb_column vc_column_container vc_col-sm-12\"><div class=\"vc_column-inner\"><div class=\"wpb_wrapper\">\n\t<div class=\"wpb_text_column wpb_content_element\" >\n\t\t<div class=\"wpb_wrapper\">\n\t\t\t<p><!-- Created with Elementor --><\/p>\n\n\t\t<\/div>\n\t<\/div>\n<\/div><\/div><\/div><\/div><div class=\"vc_row wpb_row vc_row-fluid\"><div class=\"wpb_column vc_column_container vc_col-sm-12\"><div class=\"vc_column-inner\"><div class=\"wpb_wrapper\">\n\t<div class=\"wpb_text_column wpb_content_element\" >\n\t\t<div class=\"wpb_wrapper\">\n\t\t\t<p><!-- Created with Elementor --><\/p>\n\n\t\t<\/div>\n\t<\/div>\n<\/div><\/div><\/div><\/div><div class=\"vc_row wpb_row vc_row-fluid\"><div class=\"wpb_column vc_column_container vc_col-sm-12\"><div class=\"vc_column-inner\"><div class=\"wpb_wrapper\">\n\t<div class=\"wpb_text_column wpb_content_element\" >\n\t\t<div class=\"wpb_wrapper\">\n\t\t\t<p><!-- Created with Elementor --><\/p>\n\n\t\t<\/div>\n\t<\/div>\n<\/div><\/div><\/div><\/div><div class=\"vc_row wpb_row vc_row-fluid\"><div class=\"wpb_column vc_column_container vc_col-sm-12\"><div class=\"vc_column-inner\"><div class=\"wpb_wrapper\">\n\t<div class=\"wpb_text_column wpb_content_element\" >\n\t\t<div class=\"wpb_wrapper\">\n\t\t\t<p><!-- Created with Elementor --><\/p>\n\n\t\t<\/div>\n\t<\/div>\n<\/div><\/div><\/div><\/div>\n\t\t\t\t\t<\/div>\n\t\t\t\t\t\t<\/div>\n\t\t\t\t<\/div>\n\t\t\t\t\t\t<\/div>\n\t\t\t\t\t<\/div>\n\t\t<\/div>\n\t\t\t\t\t\t\t\t<\/div>\n\t\t\t\t\t<\/div>\n\t\t<\/section>\n\t\t\t\t\t\t<\/div>\n\t\t\t\t\t\t<\/div>\n\t\t\t\t\t<\/div>","protected":false},"excerpt":{"rendered":"25.06.2025 saat: 12:00-da Az\u0259rbaycan Respublikas\u0131n\u0131n Prezidenti yan\u0131nda D\u00f6vl\u0259t \u0130dar\u0259\u00e7ilik Akademiyas\u0131n\u0131n n\u0259zdind\u0259 f\u0259aliyy\u0259t g\u00f6st\u0259r\u0259n FD.2.30 Dissertasiya \u015euras\u0131n\u0131n Elmi seminar\u0131nda Nur\u0259ddin S\u0259ft\u0259r o\u011flu Mehdiyevin \u201cM\u00fcasir beyn\u0259lxalq m\u00fcnasib\u0259tl\u0259r\u0259 informasiya-kommunikasiya texnologiyalar\u0131n\u0131n t\u0259siri\u201d m\u00f6vzusunda 5901.01 - \u201cBeyn\u0259lxalq m\u00fcnasib\u0259tl\u0259r\u201d ixtisas\u0131nda Siyasi elml\u0259r sah\u0259si \u00fczr\u0259 f\u0259ls\u0259f\u0259 doktoru elmi d\u0259r\u0259c\u0259sini almaq \u00fc\u00e7\u00fcn t\u0259qdim etdiyi dissertasiya i\u015finin m\u00fczakir\u0259si ke\u00e7iril\u0259c\u0259k","protected":false},"author":2,"featured_media":0,"parent":0,"menu_order":0,"comment_status":"closed","ping_status":"closed","template":"","meta":[],"_links":{"self":[{"href":"https:\/\/legacy.dia.edu.az\/ru\/wp-json\/wp\/v2\/pages\/975"}],"collection":[{"href":"https:\/\/legacy.dia.edu.az\/ru\/wp-json\/wp\/v2\/pages"}],"about":[{"href":"https:\/\/legacy.dia.edu.az\/ru\/wp-json\/wp\/v2\/types\/page"}],"author":[{"embeddable":true,"href":"https:\/\/legacy.dia.edu.az\/ru\/wp-json\/wp\/v2\/users\/2"}],"replies":[{"embeddable":true,"href":"https:\/\/legacy.dia.edu.az\/ru\/wp-json\/wp\/v2\/comments?post=975"}],"version-history":[{"count":5,"href":"https:\/\/legacy.dia.edu.az\/ru\/wp-json\/wp\/v2\/pages\/975\/revisions"}],"predecessor-version":[{"id":26516,"href":"https:\/\/legacy.dia.edu.az\/ru\/wp-json\/wp\/v2\/pages\/975\/revisions\/26516"}],"wp:attachment":[{"href":"https:\/\/legacy.dia.edu.az\/ru\/wp-json\/wp\/v2\/media?parent=975"}],"curies":[{"name":"wp","href":"https:\/\/api.w.org\/{rel}","templated":true}]}}